{"id":4206,"date":"2021-02-25T07:52:58","date_gmt":"2021-02-25T06:52:58","guid":{"rendered":"http:\/\/menjarsroseta.cat\/?page_id=4206"},"modified":"2023-08-26T18:52:30","modified_gmt":"2023-08-26T17:52:30","slug":"pomes-farcides","status":"publish","type":"page","link":"https:\/\/menjarsroseta.cat\/es\/pomes-farcides\/","title":{"rendered":"MANZANAS RELLENAS"},"content":{"rendered":"<p><\/p>\n<p style=\"text-align: justify;\"><strong><span style=\"color: #000000;\">El mes de Noviembre es un momento importante para Llavaneres y sobre todo para la gastronom\u00eda local, pues es el momento de las MANZANAS RELLENAS DE SANT ANDREU. Desde finales de octubre y durante el mes de noviembre es la temporada de la recogida de la manzana y por lo tanto es el mejor momento del a\u00f1o para su elaboraci\u00f3n. De manzanas se cultivan de muchos tipos: Golden, Reineta, Camosa, Royal Gala, Pink, etc. Cada una de ellas tiene su singularidad que hace que sean m\u00e1s o menos \u00e1cidas y dulces, as\u00ed como que su tama\u00f1o sea mayor o menor.<\/span><\/strong><\/p>\n<p style=\"text-align: justify;\"><strong><span style=\"color: #000000;\">&nbsp; &nbsp; &nbsp; &nbsp; &nbsp; &nbsp; &nbsp; &nbsp; &nbsp; &nbsp; &nbsp; &nbsp; &nbsp;<img loading=\"lazy\" decoding=\"async\" class=\"alignnone wp-image-4292\" src=\"http:\/\/menjarsroseta.cat\/wp-content\/uploads\/2021\/03\/botigqa-pol-176-300x225.jpeg\" alt=\"\" width=\"344\" height=\"258\" srcset=\"https:\/\/menjarsroseta.cat\/wp-content\/uploads\/2021\/03\/botigqa-pol-176-300x225.jpeg 300w, https:\/\/menjarsroseta.cat\/wp-content\/uploads\/2021\/03\/botigqa-pol-176-1024x768.jpeg 1024w, https:\/\/menjarsroseta.cat\/wp-content\/uploads\/2021\/03\/botigqa-pol-176-768x576.jpeg 768w, https:\/\/menjarsroseta.cat\/wp-content\/uploads\/2021\/03\/botigqa-pol-176-1536x1152.jpeg 1536w, https:\/\/menjarsroseta.cat\/wp-content\/uploads\/2021\/03\/botigqa-pol-176-467x350.jpeg 467w, https:\/\/menjarsroseta.cat\/wp-content\/uploads\/2021\/03\/botigqa-pol-176-500x375.jpeg 500w, https:\/\/menjarsroseta.cat\/wp-content\/uploads\/2021\/03\/botigqa-pol-176-600x450.jpeg 600w, https:\/\/menjarsroseta.cat\/wp-content\/uploads\/2021\/03\/botigqa-pol-176.jpeg 2048w\" sizes=\"auto, (max-width: 344px) 100vw, 344px\" \/>&nbsp; &nbsp; &nbsp; &nbsp; &nbsp; <img loading=\"lazy\" decoding=\"async\" class=\" wp-image-3959 alignnone\" src=\"http:\/\/menjarsroseta.cat\/wp-content\/uploads\/2016\/11\/Pomes-300x225.jpg\" alt=\"Pomes\" width=\"340\" height=\"256\" srcset=\"https:\/\/menjarsroseta.cat\/wp-content\/uploads\/2016\/11\/Pomes-300x225.jpg 300w, https:\/\/menjarsroseta.cat\/wp-content\/uploads\/2016\/11\/Pomes.jpg 320w\" sizes=\"auto, (max-width: 340px) 100vw, 340px\" \/><\/span><\/strong><\/p>\n<p style=\"text-align: justify;\"><strong>Las manzanas de \u00abrelleno\u00bb o simplemente \u00abrelleno\u00bb, como se llaman en muchas casas, es un plato de origen medieval. Tambi\u00e9n son t\u00edpicas de las comarcas de La Selva, del Giron\u00e8s, del Pla de l&#8217;Estany, en el Vall\u00e8s (Sant Celoni), y sobre todo en la comarca del Maresme, concretamente en Llavaneres, Arenys o Teia. Las variedades de manzana m\u00e1s utilizadas suelen ser la Cap\u00e7anes, la Verde Doncella, la Reineta del Empord\u00e0, la Camosa, la Pink Lady o la Royal gala, variedades que aguantan largas cocciones. <span style=\"color: #000000;\">&nbsp;<\/span><\/strong><\/p>\n<p><img loading=\"lazy\" decoding=\"async\" class=\"size-medium wp-image-3337 aligncenter\" src=\"http:\/\/menjarsroseta.cat\/wp-content\/uploads\/2016\/04\/pomes6-Copiar-300x225.jpg\" alt=\"\" width=\"300\" height=\"225\" srcset=\"https:\/\/menjarsroseta.cat\/wp-content\/uploads\/2016\/04\/pomes6-Copiar-300x225.jpg 300w, https:\/\/menjarsroseta.cat\/wp-content\/uploads\/2016\/04\/pomes6-Copiar-600x450.jpg 600w, https:\/\/menjarsroseta.cat\/wp-content\/uploads\/2016\/04\/pomes6-Copiar-768x576.jpg 768w, https:\/\/menjarsroseta.cat\/wp-content\/uploads\/2016\/04\/pomes6-Copiar.jpg 1024w, https:\/\/menjarsroseta.cat\/wp-content\/uploads\/2016\/04\/pomes6-Copiar-467x350.jpg 467w, https:\/\/menjarsroseta.cat\/wp-content\/uploads\/2016\/04\/pomes6-Copiar-500x375.jpg 500w\" sizes=\"auto, (max-width: 300px) 100vw, 300px\" \/><\/p>\n<p style=\"text-align: justify;\"><strong><span style=\"color: #000000;\">Una de las tradiciones culinarias populares de nuestro pueblo durante la Fiesta Mayor de San Andr\u00e9s (30 de noviembre), es sin duda la preparaci\u00f3n de este exquisito plato de oto\u00f1o que tan bien se cocina en muchos de nuestros hogares. En La ROSETA a\u00f1o tras a\u00f1o seguimos manteniendo esta tradici\u00f3n de la cocina popular de Llavaneres y cocinamos cientos de manzanas para nuestros clientes. <\/span><\/strong><\/p>\n<p style=\"text-align: justify;\"><strong><span style=\"color: #000000;\">Las manzanas una vez peladas van rellenas de carne y se cuecen en la olla durante unas cuantas horas. Antiguamente pod\u00edan estar cocin\u00e1ndose a fuego lento durante varias horas a lo largo de dos o tres d\u00edas a fuego muy lento. La gente que no conoce este plato puede pensar que es un postre, nada m\u00e1s lejos de la realidad, pues se trata de un plato completo que se presenta con su salsa de asado. Es un plato, sin embargo, muy dulce.<\/span><\/strong><\/p>\n<p>&nbsp; &nbsp; &nbsp; &nbsp; &nbsp; &nbsp; &nbsp; &nbsp; &nbsp; &nbsp; &nbsp; &nbsp; &nbsp; &nbsp; &nbsp; &nbsp; &nbsp; &nbsp; &nbsp; &nbsp; &nbsp; &nbsp; &nbsp; &nbsp; &nbsp; &nbsp; &nbsp;<img loading=\"lazy\" decoding=\"async\" class=\"wp-image-4272 alignnone\" src=\"http:\/\/menjarsroseta.cat\/wp-content\/uploads\/2021\/03\/pomes1-169x300.jpg\" alt=\"\" width=\"238\" height=\"420\"> <img loading=\"lazy\" decoding=\"async\" class=\"alignnone wp-image-4275\" src=\"http:\/\/menjarsroseta.cat\/wp-content\/uploads\/2021\/03\/pomes3-169x300.jpg\" alt=\"\" width=\"237\" height=\"421\" srcset=\"https:\/\/menjarsroseta.cat\/wp-content\/uploads\/2021\/03\/pomes3-169x300.jpg 169w, https:\/\/menjarsroseta.cat\/wp-content\/uploads\/2021\/03\/pomes3-577x1024.jpg 577w, https:\/\/menjarsroseta.cat\/wp-content\/uploads\/2021\/03\/pomes3-768x1364.jpg 768w, https:\/\/menjarsroseta.cat\/wp-content\/uploads\/2021\/03\/pomes3-865x1536.jpg 865w, https:\/\/menjarsroseta.cat\/wp-content\/uploads\/2021\/03\/pomes3-1153x2048.jpg 1153w, https:\/\/menjarsroseta.cat\/wp-content\/uploads\/2021\/03\/pomes3-197x350.jpg 197w, https:\/\/menjarsroseta.cat\/wp-content\/uploads\/2021\/03\/pomes3-600x1065.jpg 600w, https:\/\/menjarsroseta.cat\/wp-content\/uploads\/2021\/03\/pomes3-scaled.jpg 1442w\" sizes=\"auto, (max-width: 237px) 100vw, 237px\" \/><\/p>\n<p style=\"text-align: justify;\"><strong>En las \u00faltimas d\u00e9cadas el Ayuntamiento de Llavaneres ha organizado actos y muestras gastron\u00f3micas alrededor de este plato para promocionarlo, del mismo modo que se ha estado promocionando el otro plato y producto t\u00edpico de Llavaneres: los guisantes \u00abgarrofals\u00bb.<\/strong><\/p>\n<p style=\"text-align: justify;\"><strong><span style=\"color: #000000;\">De recetas hay muchas y variadas, pues es un plato que en cada casa se preparaba de formas diferentes. EN MENJARS ROSETA seguimos la receta que nos dej\u00f3 nuestra abuela y que nuestros padres nos ense\u00f1aron a preservar. En La ROSETA nos gusta popularizar y dar a conocer los platos t\u00edpicos de nuestro pueblo como son los guisantes \u00abgarrofals\u00bb y las manzanas rellenas.<\/span><\/strong><\/p>\n<p><img loading=\"lazy\" decoding=\"async\" class=\"size-medium wp-image-3966 alignleft\" src=\"http:\/\/menjarsroseta.cat\/wp-content\/uploads\/2016\/11\/pomes1-1-300x225.jpg\" alt=\"pomes1\" width=\"300\" height=\"225\" srcset=\"https:\/\/menjarsroseta.cat\/wp-content\/uploads\/2016\/11\/pomes1-1-300x225.jpg 300w, https:\/\/menjarsroseta.cat\/wp-content\/uploads\/2016\/11\/pomes1-1-600x450.jpg 600w, https:\/\/menjarsroseta.cat\/wp-content\/uploads\/2016\/11\/pomes1-1-768x576.jpg 768w, https:\/\/menjarsroseta.cat\/wp-content\/uploads\/2016\/11\/pomes1-1-1024x768.jpg 1024w, https:\/\/menjarsroseta.cat\/wp-content\/uploads\/2016\/11\/pomes1-1-467x350.jpg 467w, https:\/\/menjarsroseta.cat\/wp-content\/uploads\/2016\/11\/pomes1-1-500x375.jpg 500w, https:\/\/menjarsroseta.cat\/wp-content\/uploads\/2016\/11\/pomes1-1.jpg 2048w\" sizes=\"auto, (max-width: 300px) 100vw, 300px\" \/><\/p>\n<p><img loading=\"lazy\" decoding=\"async\" class=\"wp-image-3967 alignleft\" src=\"http:\/\/menjarsroseta.cat\/wp-content\/uploads\/2016\/11\/pomes3-300x225.jpg\" alt=\"pomes3\" width=\"304\" height=\"228\" srcset=\"https:\/\/menjarsroseta.cat\/wp-content\/uploads\/2016\/11\/pomes3-300x225.jpg 300w, https:\/\/menjarsroseta.cat\/wp-content\/uploads\/2016\/11\/pomes3-600x450.jpg 600w, https:\/\/menjarsroseta.cat\/wp-content\/uploads\/2016\/11\/pomes3-768x576.jpg 768w, https:\/\/menjarsroseta.cat\/wp-content\/uploads\/2016\/11\/pomes3-1024x768.jpg 1024w, https:\/\/menjarsroseta.cat\/wp-content\/uploads\/2016\/11\/pomes3-467x350.jpg 467w, https:\/\/menjarsroseta.cat\/wp-content\/uploads\/2016\/11\/pomes3-500x375.jpg 500w, https:\/\/menjarsroseta.cat\/wp-content\/uploads\/2016\/11\/pomes3.jpg 2048w\" sizes=\"auto, (max-width: 304px) 100vw, 304px\" \/><\/p>\n<p><strong><span style=\"color: #000000;\"><img loading=\"lazy\" decoding=\"async\" class=\"size-medium wp-image-3961 alignnone\" src=\"http:\/\/menjarsroseta.cat\/wp-content\/uploads\/2016\/11\/pomes-sant-andreu-1-300x225.jpg\" alt=\"pomes sant andreu (1)\" width=\"300\" height=\"225\" srcset=\"https:\/\/menjarsroseta.cat\/wp-content\/uploads\/2016\/11\/pomes-sant-andreu-1-300x225.jpg 300w, https:\/\/menjarsroseta.cat\/wp-content\/uploads\/2016\/11\/pomes-sant-andreu-1-600x450.jpg 600w, https:\/\/menjarsroseta.cat\/wp-content\/uploads\/2016\/11\/pomes-sant-andreu-1-768x576.jpg 768w, https:\/\/menjarsroseta.cat\/wp-content\/uploads\/2016\/11\/pomes-sant-andreu-1-1024x768.jpg 1024w, https:\/\/menjarsroseta.cat\/wp-content\/uploads\/2016\/11\/pomes-sant-andreu-1-467x350.jpg 467w, https:\/\/menjarsroseta.cat\/wp-content\/uploads\/2016\/11\/pomes-sant-andreu-1-500x375.jpg 500w, https:\/\/menjarsroseta.cat\/wp-content\/uploads\/2016\/11\/pomes-sant-andreu-1.jpg 2048w\" sizes=\"auto, (max-width: 300px) 100vw, 300px\" \/><\/span><\/strong><\/p>\n<p style=\"text-align: justify;\"><strong><span style=\"color: #000000;\">Cada a\u00f1o y durante los \u00faltimos 10-12 d\u00edas de noviembre (coincidiendo con la Fiesta Mayor de invierno por San Andr\u00e9s) cocinamos las manzanas rellenas. Debido a la gran demanda que tenemos, se hace necesario haberlas encargado con anticipaci\u00f3n.<\/span><\/strong><\/p>\n<p style=\"text-align: justify;\"><strong><span style=\"color: #000000;\"><img loading=\"lazy\" decoding=\"async\" class=\"size-medium wp-image-3963 aligncenter\" src=\"http:\/\/menjarsroseta.cat\/wp-content\/uploads\/2016\/11\/pomes2-300x225.jpg\" alt=\"pomes2\" width=\"300\" height=\"225\" srcset=\"https:\/\/menjarsroseta.cat\/wp-content\/uploads\/2016\/11\/pomes2-300x225.jpg 300w, https:\/\/menjarsroseta.cat\/wp-content\/uploads\/2016\/11\/pomes2-600x450.jpg 600w, https:\/\/menjarsroseta.cat\/wp-content\/uploads\/2016\/11\/pomes2-768x576.jpg 768w, https:\/\/menjarsroseta.cat\/wp-content\/uploads\/2016\/11\/pomes2-1024x768.jpg 1024w, https:\/\/menjarsroseta.cat\/wp-content\/uploads\/2016\/11\/pomes2-467x350.jpg 467w, https:\/\/menjarsroseta.cat\/wp-content\/uploads\/2016\/11\/pomes2-500x375.jpg 500w, https:\/\/menjarsroseta.cat\/wp-content\/uploads\/2016\/11\/pomes2.jpg 2048w\" sizes=\"auto, (max-width: 300px) 100vw, 300px\" \/><\/span><\/strong><\/p>\n<p><\/p>","protected":false},"excerpt":{"rendered":"<p>El mes de Noviembre es un momento importante para Llavaneres y sobre todo para la gastronom\u00eda local, pues es el <a class=\"read-more\" href=\"https:\/\/menjarsroseta.cat\/es\/pomes-farcides\/\">Read More&#8230;<\/a><\/p>\n","protected":false},"author":3,"featured_media":0,"parent":0,"menu_order":7,"comment_status":"closed","ping_status":"closed","template":"page-fullwidth.php","meta":{"ngg_post_thumbnail":0,"footnotes":""},"class_list":["post-4206","page","type-page","status-publish","hentry"],"yoast_head":"<!-- This site is optimized with the Yoast SEO plugin v26.7 - https:\/\/yoast.com\/wordpress\/plugins\/seo\/ -->\n<title>MANZANAS RELLENAS - Menjars Roseta<\/title>\n<meta name=\"robots\" content=\"index, follow, max-snippet:-1, max-image-preview:large, max-video-preview:-1\" \/>\n<link rel=\"canonical\" href=\"https:\/\/menjarsroseta.cat\/pomes-farcides\/\" \/>\n<meta property=\"og:locale\" content=\"es_ES\" \/>\n<meta property=\"og:type\" content=\"article\" \/>\n<meta property=\"og:title\" content=\"MANZANAS RELLENAS - Menjars Roseta\" \/>\n<meta property=\"og:description\" content=\"El mes de Noviembre es un momento importante para Llavaneres y sobre todo para la gastronom\u00eda local, pues es el Read More...\" \/>\n<meta property=\"og:url\" content=\"https:\/\/menjarsroseta.cat\/pomes-farcides\/\" \/>\n<meta property=\"og:site_name\" content=\"Menjars Roseta\" \/>\n<meta property=\"article:publisher\" content=\"https:\/\/www.facebook.com\/profile.php?id=100010652077876&amp;fref=ts\" \/>\n<meta property=\"article:modified_time\" content=\"2023-08-26T17:52:30+00:00\" \/>\n<meta property=\"og:image\" content=\"http:\/\/menjarsroseta.cat\/wp-content\/uploads\/2021\/03\/botigqa-pol-176-300x225.jpeg\" \/>\n<meta name=\"twitter:card\" content=\"summary_large_image\" \/>\n<meta name=\"twitter:label1\" content=\"Tiempo de lectura\" \/>\n\t<meta name=\"twitter:data1\" content=\"6 minutos\" \/>\n<script type=\"application\/ld+json\" class=\"yoast-schema-graph\">{\"@context\":\"https:\/\/schema.org\",\"@graph\":[{\"@type\":\"WebPage\",\"@id\":\"https:\/\/menjarsroseta.cat\/pomes-farcides\/\",\"url\":\"https:\/\/menjarsroseta.cat\/pomes-farcides\/\",\"name\":\"MANZANAS RELLENAS - Menjars Roseta\",\"isPartOf\":{\"@id\":\"https:\/\/lavender-partridge-477004.hostingersite.com\/#website\"},\"primaryImageOfPage\":{\"@id\":\"https:\/\/menjarsroseta.cat\/pomes-farcides\/#primaryimage\"},\"image\":{\"@id\":\"https:\/\/menjarsroseta.cat\/pomes-farcides\/#primaryimage\"},\"thumbnailUrl\":\"http:\/\/menjarsroseta.cat\/wp-content\/uploads\/2021\/03\/botigqa-pol-176-300x225.jpeg\",\"datePublished\":\"2021-02-25T06:52:58+00:00\",\"dateModified\":\"2023-08-26T17:52:30+00:00\",\"breadcrumb\":{\"@id\":\"https:\/\/menjarsroseta.cat\/pomes-farcides\/#breadcrumb\"},\"inLanguage\":\"es\",\"potentialAction\":[{\"@type\":\"ReadAction\",\"target\":[\"https:\/\/menjarsroseta.cat\/pomes-farcides\/\"]}]},{\"@type\":\"ImageObject\",\"inLanguage\":\"es\",\"@id\":\"https:\/\/menjarsroseta.cat\/pomes-farcides\/#primaryimage\",\"url\":\"http:\/\/menjarsroseta.cat\/wp-content\/uploads\/2021\/03\/botigqa-pol-176-300x225.jpeg\",\"contentUrl\":\"http:\/\/menjarsroseta.cat\/wp-content\/uploads\/2021\/03\/botigqa-pol-176-300x225.jpeg\"},{\"@type\":\"BreadcrumbList\",\"@id\":\"https:\/\/menjarsroseta.cat\/pomes-farcides\/#breadcrumb\",\"itemListElement\":[{\"@type\":\"ListItem\",\"position\":1,\"name\":\"Inici\",\"item\":\"https:\/\/menjarsroseta.cat\/\"},{\"@type\":\"ListItem\",\"position\":2,\"name\":\"POMES FARCIDES\"}]},{\"@type\":\"WebSite\",\"@id\":\"https:\/\/lavender-partridge-477004.hostingersite.com\/#website\",\"url\":\"https:\/\/lavender-partridge-477004.hostingersite.com\/\",\"name\":\"Menjars Roseta\",\"description\":\"Menjars per emportar\",\"publisher\":{\"@id\":\"https:\/\/lavender-partridge-477004.hostingersite.com\/#organization\"},\"potentialAction\":[{\"@type\":\"SearchAction\",\"target\":{\"@type\":\"EntryPoint\",\"urlTemplate\":\"https:\/\/lavender-partridge-477004.hostingersite.com\/?s={search_term_string}\"},\"query-input\":{\"@type\":\"PropertyValueSpecification\",\"valueRequired\":true,\"valueName\":\"search_term_string\"}}],\"inLanguage\":\"es\"},{\"@type\":\"Organization\",\"@id\":\"https:\/\/lavender-partridge-477004.hostingersite.com\/#organization\",\"name\":\"Menjars Roseta\",\"url\":\"https:\/\/lavender-partridge-477004.hostingersite.com\/\",\"logo\":{\"@type\":\"ImageObject\",\"inLanguage\":\"es\",\"@id\":\"https:\/\/lavender-partridge-477004.hostingersite.com\/#\/schema\/logo\/image\/\",\"url\":\"https:\/\/menjarsroseta.cat\/wp-content\/uploads\/2016\/03\/logo.jpg\",\"contentUrl\":\"https:\/\/menjarsroseta.cat\/wp-content\/uploads\/2016\/03\/logo.jpg\",\"width\":200,\"height\":77,\"caption\":\"Menjars Roseta\"},\"image\":{\"@id\":\"https:\/\/lavender-partridge-477004.hostingersite.com\/#\/schema\/logo\/image\/\"},\"sameAs\":[\"https:\/\/www.facebook.com\/profile.php?id=100010652077876&fref=ts\"]}]}<\/script>\n<!-- \/ Yoast SEO plugin. -->","yoast_head_json":{"title":"MANZANAS RELLENAS - Menjars Roseta","robots":{"index":"index","follow":"follow","max-snippet":"max-snippet:-1","max-image-preview":"max-image-preview:large","max-video-preview":"max-video-preview:-1"},"canonical":"https:\/\/menjarsroseta.cat\/pomes-farcides\/","og_locale":"es_ES","og_type":"article","og_title":"MANZANAS RELLENAS - Menjars Roseta","og_description":"El mes de Noviembre es un momento importante para Llavaneres y sobre todo para la gastronom\u00eda local, pues es el Read More...","og_url":"https:\/\/menjarsroseta.cat\/pomes-farcides\/","og_site_name":"Menjars Roseta","article_publisher":"https:\/\/www.facebook.com\/profile.php?id=100010652077876&fref=ts","article_modified_time":"2023-08-26T17:52:30+00:00","og_image":[{"url":"http:\/\/menjarsroseta.cat\/wp-content\/uploads\/2021\/03\/botigqa-pol-176-300x225.jpeg","type":"","width":"","height":""}],"twitter_card":"summary_large_image","twitter_misc":{"Tiempo de lectura":"6 minutos"},"schema":{"@context":"https:\/\/schema.org","@graph":[{"@type":"WebPage","@id":"https:\/\/menjarsroseta.cat\/pomes-farcides\/","url":"https:\/\/menjarsroseta.cat\/pomes-farcides\/","name":"MANZANAS RELLENAS - Menjars Roseta","isPartOf":{"@id":"https:\/\/lavender-partridge-477004.hostingersite.com\/#website"},"primaryImageOfPage":{"@id":"https:\/\/menjarsroseta.cat\/pomes-farcides\/#primaryimage"},"image":{"@id":"https:\/\/menjarsroseta.cat\/pomes-farcides\/#primaryimage"},"thumbnailUrl":"http:\/\/menjarsroseta.cat\/wp-content\/uploads\/2021\/03\/botigqa-pol-176-300x225.jpeg","datePublished":"2021-02-25T06:52:58+00:00","dateModified":"2023-08-26T17:52:30+00:00","breadcrumb":{"@id":"https:\/\/menjarsroseta.cat\/pomes-farcides\/#breadcrumb"},"inLanguage":"es","potentialAction":[{"@type":"ReadAction","target":["https:\/\/menjarsroseta.cat\/pomes-farcides\/"]}]},{"@type":"ImageObject","inLanguage":"es","@id":"https:\/\/menjarsroseta.cat\/pomes-farcides\/#primaryimage","url":"http:\/\/menjarsroseta.cat\/wp-content\/uploads\/2021\/03\/botigqa-pol-176-300x225.jpeg","contentUrl":"http:\/\/menjarsroseta.cat\/wp-content\/uploads\/2021\/03\/botigqa-pol-176-300x225.jpeg"},{"@type":"BreadcrumbList","@id":"https:\/\/menjarsroseta.cat\/pomes-farcides\/#breadcrumb","itemListElement":[{"@type":"ListItem","position":1,"name":"Inici","item":"https:\/\/menjarsroseta.cat\/"},{"@type":"ListItem","position":2,"name":"POMES FARCIDES"}]},{"@type":"WebSite","@id":"https:\/\/lavender-partridge-477004.hostingersite.com\/#website","url":"https:\/\/lavender-partridge-477004.hostingersite.com\/","name":"Menjars Roseta","description":"Menjars per emportar","publisher":{"@id":"https:\/\/lavender-partridge-477004.hostingersite.com\/#organization"},"potentialAction":[{"@type":"SearchAction","target":{"@type":"EntryPoint","urlTemplate":"https:\/\/lavender-partridge-477004.hostingersite.com\/?s={search_term_string}"},"query-input":{"@type":"PropertyValueSpecification","valueRequired":true,"valueName":"search_term_string"}}],"inLanguage":"es"},{"@type":"Organization","@id":"https:\/\/lavender-partridge-477004.hostingersite.com\/#organization","name":"Menjars Roseta","url":"https:\/\/lavender-partridge-477004.hostingersite.com\/","logo":{"@type":"ImageObject","inLanguage":"es","@id":"https:\/\/lavender-partridge-477004.hostingersite.com\/#\/schema\/logo\/image\/","url":"https:\/\/menjarsroseta.cat\/wp-content\/uploads\/2016\/03\/logo.jpg","contentUrl":"https:\/\/menjarsroseta.cat\/wp-content\/uploads\/2016\/03\/logo.jpg","width":200,"height":77,"caption":"Menjars Roseta"},"image":{"@id":"https:\/\/lavender-partridge-477004.hostingersite.com\/#\/schema\/logo\/image\/"},"sameAs":["https:\/\/www.facebook.com\/profile.php?id=100010652077876&fref=ts"]}]}},"_links":{"self":[{"href":"https:\/\/menjarsroseta.cat\/es\/wp-json\/wp\/v2\/pages\/4206","targetHints":{"allow":["GET"]}}],"collection":[{"href":"https:\/\/menjarsroseta.cat\/es\/wp-json\/wp\/v2\/pages"}],"about":[{"href":"https:\/\/menjarsroseta.cat\/es\/wp-json\/wp\/v2\/types\/page"}],"author":[{"embeddable":true,"href":"https:\/\/menjarsroseta.cat\/es\/wp-json\/wp\/v2\/users\/3"}],"replies":[{"embeddable":true,"href":"https:\/\/menjarsroseta.cat\/es\/wp-json\/wp\/v2\/comments?post=4206"}],"version-history":[{"count":10,"href":"https:\/\/menjarsroseta.cat\/es\/wp-json\/wp\/v2\/pages\/4206\/revisions"}],"predecessor-version":[{"id":4587,"href":"https:\/\/menjarsroseta.cat\/es\/wp-json\/wp\/v2\/pages\/4206\/revisions\/4587"}],"wp:attachment":[{"href":"https:\/\/menjarsroseta.cat\/es\/wp-json\/wp\/v2\/media?parent=4206"}],"curies":[{"name":"wp","href":"https:\/\/api.w.org\/{rel}","templated":true}]}}